{"id":810,"date":"2021-02-25T14:39:50","date_gmt":"2021-02-25T13:39:50","guid":{"rendered":"https:\/\/paneco.eu\/o-organizacji\/"},"modified":"2025-08-19T09:36:04","modified_gmt":"2025-08-19T07:36:04","slug":"o-organizaci","status":"publish","type":"page","link":"https:\/\/paneco.eu\/cs\/o-organizaci\/","title":{"rendered":"O spole\u010dnosti"},"content":{"rendered":"<h2 class=\"site__h text-center\" data-aos=\"fade-up\">Panevropsk\u00fd partner pro <span>p\u0159epravu a spedici<\/span><\/h2>\r\n<div class=\"site__desc text-center\" data-aos=\"fade-up\">Paneco je prvn\u00ed s\u00edt\u00ed p\u0159epravn\u00edch a logistick\u00fdch spole\u010dnost\u00ed v Evrop\u011b. Na trhu funguje mnoho spole\u010dnost\u00ed s celosv\u011btovou p\u016fsobnost\u00ed. Neexistuje ale syst\u00e9m, kter\u00fd by jednotliv\u00e9 spole\u010dnosti, aktivn\u00ed v konkr\u00e9tn\u00ed oblasti dopravy, propojoval do s\u00edt\u011b rozprost\u00edraj\u00edc\u00ed se nap\u0159\u00ed\u010d cel\u00fdm na\u0161\u00edm kontinentem. Charakteristick\u00fdm rysem spole\u010dnosti Paneco je, \u017ee nejv\u011bt\u0161\u00ed a hospod\u00e1\u0159sky nejsiln\u011bj\u0161\u00ed zem\u011b, v\u010detn\u011b N\u011bmecka, Velk\u00e9 Brit\u00e1nie, Francie a It\u00e1lie, jsou zastupov\u00e1ny perfektn\u011b organizovan\u00fdmi a funguj\u00edc\u00edmi celon\u00e1rodn\u00edmi s\u00edt\u011bmi. Mnohalet\u00e9 zku\u0161enosti z celon\u00e1rodn\u00edch s\u00edt\u00ed se nyn\u00ed v tomto nov\u00e9m evropsk\u00e9m syst\u00e9mu z\u00faro\u010duj\u00ed. Dosud v\u0161ak nikdo nedok\u00e1zal vybudovat s\u00ed\u0165, kter\u00e1 by na celoevropsk\u00e9 \u00farovni spojila nejl\u00e9pe funguj\u00edc\u00ed vnitrost\u00e1tn\u00ed organizace do soudr\u017en\u00e9ho syst\u00e9mu. A p\u0159esn\u011b to je Paneco.<\/div>\r\n<div class=\"site__desc text-center\" data-aos=\"fade-up\">Paneco AG je akciov\u00e1 spole\u010dnost zaregistrovan\u00e1 ve \u0160v\u00fdcarsku. Na\u0161imi akcion\u00e1\u0159i jsou spole\u010dnosti a fyzick\u00e9 osoby z mnoha evropsk\u00fdch zem\u00ed z rozs\u00e1hl\u00e9ho odv\u011btv\u00ed logistiky. V\u011bt\u0161ina na\u0161ich partner\u016f se rovn\u011b\u017e pod\u00edl\u00ed na kapit\u00e1lu spole\u010dnosti. T\u00edm je zaru\u010den mezi organizac\u00ed Paneco a na\u0161imi \u010dleny dlouhodob\u00fd vztah. Krom\u011b toho je Paneco AG platformou nab\u00edzej\u00edc\u00ed jednotn\u00e9 pracovn\u00ed procesy, kter\u00e1 propojuje v\u0161echny sv\u00e9 \u010dleny d\u00edky jednotn\u00e9mu IT \u0159e\u0161en\u00ed. To umo\u017e\u0148uje pracovat v r\u00e1mci jednotn\u00e9ho syst\u00e9mu se z\u00e1rukou dodr\u017een\u00ed obvykl\u00fdch standard\u016f kvality. Paneco je tak\u00e9 \u0159e\u0161en\u00edm probl\u00e9mu mno\u017estv\u00ed r\u016fzn\u00fdch jazyk\u016f. D\u00edky jednotn\u00fdm provozn\u00edm standard\u016fm m\u016f\u017ee ka\u017ed\u00fd pracovat v tomto speci\u00e1ln\u011b vyvinut\u00e9m syst\u00e9mu ve sv\u00e9m vlastn\u00edm jazyce.\r\n<\/div>\r\n<div class=\"site__desc text-center\" data-aos=\"fade-up\">\r\n\tPaneco Pan European Cooperation AG<br>\r\n\tIndustriestrasse 47 <br>\r\n\tCH \u2013 6300 Zug<br>\r\n\t\u0160v\u00fdcarsko<br>\r\n\tTel. + 41 41\u00a0508 11 53<br>\r\n\tE-Mail: <a href=\"mailto:&#105;&#110;fo&#64;&#112;&#97;&#110;e&#99;&#111;.e&#117;\" title=\"&#105;&#110;fo&#64;&#112;&#97;&#110;e&#99;&#111;.e&#117;\">&#105;&#110;fo&#64;&#112;&#97;&#110;e&#99;&#111;.e&#117;<\/a><br>\r\n\tWebov\u00e9 str\u00e1nky: <a href=\"https:\/\/www.paneco.eu\">https:\/\/www.paneco.eu<\/a>\r\n\r\n<\/div>\r\n\r\n<div class=\"site__img\">\r\n\t<div data-aos=\"fade-up\">\r\n\t\t<img src=\"\/wp-content\/uploads\/2021\/02\/page.jpg\" alt=\"Paneuropejski partner w transporcie i spedycji\">\r\n\t<\/div>\r\n<\/div>\r\n\r\n<div class=\"row nc-2\">\r\n\t<div class=\"col-md-6\" data-aos=\"fade-up\">\r\n\t\t<h3 class=\"h\">Kdo za t\u00edm v\u0161\u00edm stoj\u00ed?<\/h3>\r\n\t\t<div class=\"p\">Koncept Paneco vyvinuli v\u016fd\u010d\u00ed p\u0159edstavitel\u00e9 evropsk\u00e9ho logistick\u00e9ho odv\u011btv\u00ed, kte\u0159\u00ed \u0159\u00edd\u00ed v N\u011bmecku velk\u00e9 organizace v jejich ka\u017edodenn\u00edm fungov\u00e1n\u00ed. Dnes jsou tito l\u00edd\u0159i sou\u010d\u00e1st\u00ed p\u0159edstavenstva spole\u010dnosti Paneco a jsou to: Jochen Eschborn (N\u011bmecko), Matteo Ravazzin (It\u00e1lie), Robert Einstein (\u0160v\u00fdcarsko) a Dariusz Waku\u0142a (Polsko).<br><br><a href=\"\/cs\/#partners\"><b>&raquo; Na\u0161i partne\u0159i &#8211; akcion\u00e1\u0159sk\u00e9 spole\u010dnosti<\/b><\/a><\/div>\r\n\t<\/div>\r\n\t<div class=\"col-md-6\" data-aos=\"fade-up\">\r\n\t\t<h3 class=\"h\">Co zaru\u010dujeme?<\/h3>\r\n\t\t<div class=\"p\">Z\u0159\u00edzen\u00ed s\u00edt\u011b dopravn\u00edho propojen\u00ed, kter\u00e9 umo\u017en\u00ed rychlou a cenov\u011b nen\u00e1ro\u010dnou p\u0159epravu jak\u00e9koli z\u00e1silky mezi jak\u00fdmikoli dv\u011bma body v Evrop\u011b.<\/div>\r\n\t\t<div class=\"p\">Spojujeme partnery ze v\u0161ech zem\u00ed EU a z v\u011bt\u0161iny ne\u010dlensk\u00fdch evropsk\u00fdch zem\u00ed. C\u00edlem s\u00edt\u011b Paneco je poskytnout ka\u017ed\u00e9mu z na\u0161ich \u010dlen\u016f p\u0159\u00edle\u017eitost nab\u00edzet zas\u00edlatelsk\u00e9 a p\u0159epravn\u00ed slu\u017eby v oblasti sb\u011brn\u00e9 slu\u017eby, dokl\u00e1dek a celovozov\u00fdch zak\u00e1zek v celoevropsk\u00e9m m\u011b\u0159\u00edtku.<\/div>\r\n\t\t<div class=\"p\">Z toho d\u016fvodu nab\u00edz\u00edme opera\u010dn\u00ed platformu, kter\u00e1 jim umo\u017en\u00ed poskytovat slu\u017eby sv\u00fdm z\u00e1kazn\u00edk\u016fm l\u00e9pe a ve v\u011bt\u0161\u00edm rozsahu.<\/div>\r\n\t<\/div>\r\n<\/div>\r\n\r\n<div class=\"lv--4 full__width\"><div class=\"container\">\r\n\t<div class=\"lv--4__content\" data-aos=\"fade-up\">\r\n\t\t<div class=\"lv--4__h h\">Jako evropsk\u00fd dopravce jste u n\u00e1s v dobr\u00fdch rukou<\/div>\r\n\t\t<div class=\"lv--4__p\">Paneco &#8211; spolehlivost a bezpe\u010dnost.<\/div>\r\n\t<\/div>\r\n\t<div class=\"lv--4__button\">\r\n\t\t<a href=\"https:\/\/paneco.eu\/kontakt\/?lang=en\" class=\"button\">Kontakt<\/a>\r\n\t<\/div>\r\n<\/div><\/div>\r\n\r\n<div class=\"lv--6\">\r\n\t<h2 class=\"site__h text-center\">P\u0159edstavenstvo:<\/h2>\r\n\r\n\t<div class=\"row nc-4\">\r\n\t\t<div class=\"col-md-6 col-xl-3\" data-aos=\"fade-up\">\r\n\t\t\t<img src=\"\/wp-content\/uploads\/2021\/03\/o-organizacji___Jochen-Eschborn.jpg\" alt=\"Jochen Eschborn\">\r\n\t\t\t<div class=\"lv--6__content\">\r\n\t\t\t\t<div class=\"h\">Jochen Eschborn<\/div>\r\n\t\t\t\t<div class=\"p\">P\u0159edstavenstvo E.L.V.I.S. AG, jedn\u00e9 z nejv\u011bt\u0161\u00edch p\u0159epravn\u00edch s\u00edt\u00ed aktivn\u00edch na n\u011bmeck\u00e9m trhu.<\/div>\r\n\t\t\t<\/div>\r\n\t\t<\/div>\r\n\t\t<div class=\"col-md-6 col-xl-3\" data-aos=\"fade-up\">\r\n\t\t\t<img src=\"\/wp-content\/uploads\/2021\/03\/o-organizacji___Matteo-Ravazzin.jpg\" alt=\"Matteo Ravazzin\">\r\n\t\t\t<div class=\"lv--6__content\">\r\n\t\t\t\t<div class=\"h\">Matteo Ravazzin<\/div>\r\n\t\t\t\t<div class=\"p\">Odborn\u00edk na n\u00e1kladn\u00ed dopravu a p\u0159epravn\u00ed s\u00edt\u011b v Evrop\u011b s mnohalet\u00fdmi zku\u0161enostmi, kter\u00fd stoj\u00ed za ned\u00e1vn\u00fdm z\u0159\u00edzen\u00edm p\u0159epravn\u00ed s\u00edt\u011b ABC Network v It\u00e1lii.<\/div>\r\n\t\t\t<\/div>\r\n\t\t<\/div>\r\n\t\t<div class=\"col-md-6 col-xl-3\" data-aos=\"fade-up\">\r\n\t\t\t<img src=\"\/wp-content\/uploads\/2023\/01\/r_einstein.jpg\" alt=\"Robert Einstein\">\r\n\t\t\t<div class=\"lv--6__content\">\r\n\t\t\t\t<div class=\"h\">Robert Einstein<\/div>\r\n\t\t\t\t<div class=\"p\">Zakladatel a hlava dynamicky rostouc\u00ed s\u00edt\u011b p\u0159epravc\u016f ve \u0160v\u00fdcarsku &#8211; Cargo24.<\/div>\r\n\t\t\t<\/div>\r\n\t\t<\/div>\r\n\t\t<div class=\"col-md-6 col-xl-3\" data-aos=\"fade-up\">\r\n\t\t\t<img src=\"\/wp-content\/uploads\/2021\/03\/o-organizacji___Dariusz-Wakula.jpg\" alt=\"Dariusz Waku\u0142a\">\r\n\t\t\t<div class=\"lv--6__content\">\r\n\t\t\t\t<div class=\"h\">Dariusz Waku\u0142a<\/div>\r\n\t\t\t\t<div class=\"p\">Provozuje p\u0159epravn\u00ed a zas\u00edlatelsk\u00e9 spole\u010dnosti v Polsku a N\u011bmecku a je hlavou a inici\u00e1torem p\u0159epravn\u00ed s\u00edt\u011b v Polsku s n\u00e1zvem Kommodus S.A.<\/div>\r\n\t\t\t<\/div>\r\n\t\t<\/div>\r\n\t<\/div>\r\n<\/div>","protected":false},"excerpt":{"rendered":"Panevropsk\u00fd partner pro p\u0159epravu a spedici Paneco je prvn\u00ed s\u00edt\u00ed p\u0159epravn\u00edch a logistick\u00fdch spole\u010dnost\u00ed v Evrop\u011b. Na trhu funguje mnoho spole\u010dnost\u00ed s celosv\u011btovou p\u016fsobnost\u00ed. Neexistuje ale syst\u00e9m, kter\u00fd by jednotliv\u00e9 spole\u010dnosti, aktivn\u00ed v konkr\u00e9tn\u00ed oblasti dopravy, propojoval do s\u00edt\u011b rozprost\u00edraj\u00edc\u00ed se nap\u0159\u00ed\u010d cel\u00fdm na\u0161\u00edm kontinentem. Charakteristick\u00fdm rysem spole\u010dnosti Paneco je, \u017ee nejv\u011bt\u0161\u00ed a hospod\u00e1\u0159sky nejsiln\u011bj\u0161\u00ed [&hellip;]","protected":false},"author":1,"featured_media":0,"parent":0,"menu_order":0,"comment_status":"closed","ping_status":"closed","template":"","meta":{"inline_featured_image":false},"yoast_head":"<!-- This site is optimized with the Yoast SEO plugin v19.4 - https:\/\/yoast.com\/wordpress\/plugins\/seo\/ -->\n<title>O spole\u010dnosti - Paneco<\/title>\n<meta name=\"robots\" content=\"index, follow, max-snippet:-1, max-image-preview:large, max-video-preview:-1\" \/>\n<link rel=\"canonical\" href=\"https:\/\/paneco.eu\/cs\/o-organizaci\/\" \/>\n<meta property=\"og:locale\" content=\"cs_CZ\" \/>\n<meta property=\"og:type\" content=\"article\" \/>\n<meta property=\"og:title\" content=\"O spole\u010dnosti - Paneco\" \/>\n<meta property=\"og:description\" content=\"Panevropsk\u00fd partner pro p\u0159epravu a spedici Paneco je prvn\u00ed s\u00edt\u00ed p\u0159epravn\u00edch a logistick\u00fdch spole\u010dnost\u00ed v Evrop\u011b. Na trhu funguje mnoho spole\u010dnost\u00ed s celosv\u011btovou p\u016fsobnost\u00ed. Neexistuje ale syst\u00e9m, kter\u00fd by jednotliv\u00e9 spole\u010dnosti, aktivn\u00ed v konkr\u00e9tn\u00ed oblasti dopravy, propojoval do s\u00edt\u011b rozprost\u00edraj\u00edc\u00ed se nap\u0159\u00ed\u010d cel\u00fdm na\u0161\u00edm kontinentem. Charakteristick\u00fdm rysem spole\u010dnosti Paneco je, \u017ee nejv\u011bt\u0161\u00ed a hospod\u00e1\u0159sky nejsiln\u011bj\u0161\u00ed [&hellip;]\" \/>\n<meta property=\"og:url\" content=\"https:\/\/paneco.eu\/cs\/o-organizaci\/\" \/>\n<meta property=\"og:site_name\" content=\"Paneco\" \/>\n<meta property=\"article:modified_time\" content=\"2025-08-19T07:36:04+00:00\" \/>\n<meta property=\"og:image\" content=\"http:\/\/paneco.eu\/wp-content\/uploads\/2021\/02\/page.jpg\" \/>\n<meta name=\"twitter:card\" content=\"summary_large_image\" \/>\n<meta name=\"twitter:label1\" content=\"Odhadovan\u00e1 doba \u010dten\u00ed\" \/>\n\t<meta name=\"twitter:data1\" content=\"4 minuty\" \/>\n<script type=\"application\/ld+json\" class=\"yoast-schema-graph\">{\"@context\":\"https:\/\/schema.org\",\"@graph\":[{\"@type\":\"Organization\",\"@id\":\"https:\/\/paneco.eu\/#organization\",\"name\":\"PANECO\",\"url\":\"https:\/\/paneco.eu\/\",\"sameAs\":[],\"logo\":{\"@type\":\"ImageObject\",\"inLanguage\":\"cs\",\"@id\":\"https:\/\/paneco.eu\/#\/schema\/logo\/image\/\",\"url\":\"https:\/\/paneco.eu\/wp-content\/uploads\/2024\/07\/paneco-news.jpg\",\"contentUrl\":\"https:\/\/paneco.eu\/wp-content\/uploads\/2024\/07\/paneco-news.jpg\",\"width\":1360,\"height\":545,\"caption\":\"PANECO\"},\"image\":{\"@id\":\"https:\/\/paneco.eu\/#\/schema\/logo\/image\/\"}},{\"@type\":\"WebSite\",\"@id\":\"https:\/\/paneco.eu\/#website\",\"url\":\"https:\/\/paneco.eu\/\",\"name\":\"Paneco\",\"description\":\"Pan-European Transport Network\",\"publisher\":{\"@id\":\"https:\/\/paneco.eu\/#organization\"},\"potentialAction\":[{\"@type\":\"SearchAction\",\"target\":{\"@type\":\"EntryPoint\",\"urlTemplate\":\"https:\/\/paneco.eu\/?s={search_term_string}\"},\"query-input\":\"required name=search_term_string\"}],\"inLanguage\":\"cs\"},{\"@type\":\"WebPage\",\"@id\":\"https:\/\/paneco.eu\/cs\/o-organizaci\/\",\"url\":\"https:\/\/paneco.eu\/cs\/o-organizaci\/\",\"name\":\"O spole\u010dnosti - Paneco\",\"isPartOf\":{\"@id\":\"https:\/\/paneco.eu\/#website\"},\"datePublished\":\"2021-02-25T13:39:50+00:00\",\"dateModified\":\"2025-08-19T07:36:04+00:00\",\"breadcrumb\":{\"@id\":\"https:\/\/paneco.eu\/cs\/o-organizaci\/#breadcrumb\"},\"inLanguage\":\"cs\",\"potentialAction\":[{\"@type\":\"ReadAction\",\"target\":[\"https:\/\/paneco.eu\/cs\/o-organizaci\/\"]}]},{\"@type\":\"BreadcrumbList\",\"@id\":\"https:\/\/paneco.eu\/cs\/o-organizaci\/#breadcrumb\",\"itemListElement\":[{\"@type\":\"ListItem\",\"position\":1,\"name\":\"Start\",\"item\":\"https:\/\/paneco.eu\/cs\/\"},{\"@type\":\"ListItem\",\"position\":2,\"name\":\"O spole\u010dnosti\"}]}]}<\/script>\n<!-- \/ Yoast SEO plugin. -->","yoast_head_json":{"title":"O spole\u010dnosti - Paneco","robots":{"index":"index","follow":"follow","max-snippet":"max-snippet:-1","max-image-preview":"max-image-preview:large","max-video-preview":"max-video-preview:-1"},"canonical":"https:\/\/paneco.eu\/cs\/o-organizaci\/","og_locale":"cs_CZ","og_type":"article","og_title":"O spole\u010dnosti - Paneco","og_description":"Panevropsk\u00fd partner pro p\u0159epravu a spedici Paneco je prvn\u00ed s\u00edt\u00ed p\u0159epravn\u00edch a logistick\u00fdch spole\u010dnost\u00ed v Evrop\u011b. Na trhu funguje mnoho spole\u010dnost\u00ed s celosv\u011btovou p\u016fsobnost\u00ed. Neexistuje ale syst\u00e9m, kter\u00fd by jednotliv\u00e9 spole\u010dnosti, aktivn\u00ed v konkr\u00e9tn\u00ed oblasti dopravy, propojoval do s\u00edt\u011b rozprost\u00edraj\u00edc\u00ed se nap\u0159\u00ed\u010d cel\u00fdm na\u0161\u00edm kontinentem. Charakteristick\u00fdm rysem spole\u010dnosti Paneco je, \u017ee nejv\u011bt\u0161\u00ed a hospod\u00e1\u0159sky nejsiln\u011bj\u0161\u00ed [&hellip;]","og_url":"https:\/\/paneco.eu\/cs\/o-organizaci\/","og_site_name":"Paneco","article_modified_time":"2025-08-19T07:36:04+00:00","og_image":[{"url":"http:\/\/paneco.eu\/wp-content\/uploads\/2021\/02\/page.jpg"}],"twitter_card":"summary_large_image","twitter_misc":{"Odhadovan\u00e1 doba \u010dten\u00ed":"4 minuty"},"schema":{"@context":"https:\/\/schema.org","@graph":[{"@type":"Organization","@id":"https:\/\/paneco.eu\/#organization","name":"PANECO","url":"https:\/\/paneco.eu\/","sameAs":[],"logo":{"@type":"ImageObject","inLanguage":"cs","@id":"https:\/\/paneco.eu\/#\/schema\/logo\/image\/","url":"https:\/\/paneco.eu\/wp-content\/uploads\/2024\/07\/paneco-news.jpg","contentUrl":"https:\/\/paneco.eu\/wp-content\/uploads\/2024\/07\/paneco-news.jpg","width":1360,"height":545,"caption":"PANECO"},"image":{"@id":"https:\/\/paneco.eu\/#\/schema\/logo\/image\/"}},{"@type":"WebSite","@id":"https:\/\/paneco.eu\/#website","url":"https:\/\/paneco.eu\/","name":"Paneco","description":"Pan-European Transport Network","publisher":{"@id":"https:\/\/paneco.eu\/#organization"},"potentialAction":[{"@type":"SearchAction","target":{"@type":"EntryPoint","urlTemplate":"https:\/\/paneco.eu\/?s={search_term_string}"},"query-input":"required name=search_term_string"}],"inLanguage":"cs"},{"@type":"WebPage","@id":"https:\/\/paneco.eu\/cs\/o-organizaci\/","url":"https:\/\/paneco.eu\/cs\/o-organizaci\/","name":"O spole\u010dnosti - Paneco","isPartOf":{"@id":"https:\/\/paneco.eu\/#website"},"datePublished":"2021-02-25T13:39:50+00:00","dateModified":"2025-08-19T07:36:04+00:00","breadcrumb":{"@id":"https:\/\/paneco.eu\/cs\/o-organizaci\/#breadcrumb"},"inLanguage":"cs","potentialAction":[{"@type":"ReadAction","target":["https:\/\/paneco.eu\/cs\/o-organizaci\/"]}]},{"@type":"BreadcrumbList","@id":"https:\/\/paneco.eu\/cs\/o-organizaci\/#breadcrumb","itemListElement":[{"@type":"ListItem","position":1,"name":"Start","item":"https:\/\/paneco.eu\/cs\/"},{"@type":"ListItem","position":2,"name":"O spole\u010dnosti"}]}]}},"_links":{"self":[{"href":"https:\/\/paneco.eu\/cs\/wp-json\/wp\/v2\/pages\/810"}],"collection":[{"href":"https:\/\/paneco.eu\/cs\/wp-json\/wp\/v2\/pages"}],"about":[{"href":"https:\/\/paneco.eu\/cs\/wp-json\/wp\/v2\/types\/page"}],"author":[{"embeddable":true,"href":"https:\/\/paneco.eu\/cs\/wp-json\/wp\/v2\/users\/1"}],"replies":[{"embeddable":true,"href":"https:\/\/paneco.eu\/cs\/wp-json\/wp\/v2\/comments?post=810"}],"version-history":[{"count":9,"href":"https:\/\/paneco.eu\/cs\/wp-json\/wp\/v2\/pages\/810\/revisions"}],"predecessor-version":[{"id":3017,"href":"https:\/\/paneco.eu\/cs\/wp-json\/wp\/v2\/pages\/810\/revisions\/3017"}],"wp:attachment":[{"href":"https:\/\/paneco.eu\/cs\/wp-json\/wp\/v2\/media?parent=810"}],"curies":[{"name":"wp","href":"https:\/\/api.w.org\/{rel}","templated":true}]}}